{"id":60,"date":"2025-05-12T16:39:13","date_gmt":"2025-05-12T14:39:13","guid":{"rendered":"https:\/\/www.domainedelepine.fr\/prod\/?page_id=60"},"modified":"2025-06-18T16:18:17","modified_gmt":"2025-06-18T14:18:17","slug":"histoire","status":"publish","type":"page","link":"https:\/\/www.domainedelepine.fr\/index.php\/histoire\/","title":{"rendered":"Histoire"},"content":{"rendered":"\n<div style=\"height:40px\" aria-hidden=\"true\" class=\"wp-block-spacer\"><\/div>\n\n\n\n<h1 class=\"wp-block-heading has-text-align-center\" id=\"ledomaine\" style=\"font-size:45px\">Le Domaine<\/h1>\n\n\n\n<div style=\"height:40px\" aria-hidden=\"true\" class=\"wp-block-spacer\"><\/div>\n\n\n\n<div class=\"wp-block-media-text alignwide is-stacked-on-mobile is-vertically-aligned-center has-white-background-color has-background\" style=\"margin-right:20px;margin-left:20px;padding-top:0px;padding-right:20px;padding-bottom:0px;padding-left:20px;grid-template-columns:30% auto\"><figure class=\"wp-block-media-text__media\"><img loading=\"lazy\" decoding=\"async\" width=\"768\" height=\"1024\" src=\"http:\/\/www.domainedelepine.fr\/prod\/wp-content\/uploads\/2025\/06\/IMG_9361-768x1024.jpeg\" alt=\"Vigne en hiver avec l'embl\u00e9matique arbre de Quincy\" class=\"wp-image-1154 size-full\" srcset=\"https:\/\/www.domainedelepine.fr\/wp-content\/uploads\/2025\/06\/IMG_9361-768x1024.jpeg 768w, https:\/\/www.domainedelepine.fr\/wp-content\/uploads\/2025\/06\/IMG_9361-225x300.jpeg 225w, https:\/\/www.domainedelepine.fr\/wp-content\/uploads\/2025\/06\/IMG_9361-1152x1536.jpeg 1152w, https:\/\/www.domainedelepine.fr\/wp-content\/uploads\/2025\/06\/IMG_9361.jpeg 1536w\" sizes=\"auto, (max-width: 768px) 100vw, 768px\" \/><\/figure><div class=\"wp-block-media-text__content\">\n<h2 class=\"wp-block-heading has-text-align-center has-text-color\" style=\"color:#000000;font-size:38px\">Pr\u00e9sentation<\/h2>\n\n\n\n<p class=\"has-ast-global-color-1-color has-text-color\" style=\"font-size:17px\">Notre <strong>domaine familial<\/strong> est situ\u00e9 \u00e0 Quincy, sur la rive gauche du Cher, au c\u0153ur du Berry.<br>C\u2019est ici que nous cultivons un peu plus de <strong>8 hectares de vignes<\/strong>, certifi\u00e9s en <strong>agriculture biologique<\/strong>, sur des sols de sables et de graves typiques de l\u2019appellation.<br>Notre c\u00e9page unique, le <strong>sauvignon blanc<\/strong>, s\u2019exprime ici avec fra\u00eecheur, finesse et beaucoup d\u2019\u00e9l\u00e9gance.<br>Chaque cuv\u00e9e est travaill\u00e9e avec attention, du pied de vigne \u00e0 la mise en bouteille, dans le respect du rythme de la plante, des saisons, et sans artifice.<br>Notre approche est artisanale, ancr\u00e9e dans le vivant. Nous mettons tout en \u0153uvre pour que chaque bouteille raconte, \u00e0 sa fa\u00e7on, un peu de notre histoire.<\/p>\n<\/div><\/div>\n\n\n\n<div style=\"height:40px\" aria-hidden=\"true\" class=\"wp-block-spacer\"><\/div>\n\n\n\n<h2 class=\"wp-block-heading has-text-align-center\" id=\"notrehistoire\" style=\"font-size:40px\">Notre Histoire<\/h2>\n\n\n\n<div style=\"height:10px\" aria-hidden=\"true\" class=\"wp-block-spacer\"><\/div>\n\n\n\n<div data-aos= \"slide-left\" data-aos-duration=\"400\" data-aos-delay=\"0\" data-aos-easing=\"ease\" data-aos-once=\"true\" class=\"wp-block-uagb-content-timeline uagb-timeline__outer-wrap uagb-block-af0c67fd uagb-timeline__content-wrap uagb-timeline__center-block  uagb-timeline__arrow-center uagb-timeline\">\n<article class=\"wp-block-uagb-content-timeline-child uagb-timeline__field uagb-timeline-child-5204afc2 uagb-timeline__right\"><div class=\"uagb-timeline__marker out-view-uagb-timeline__icon\"><svg xmlns=\"https:\/\/www.w3.org\/2000\/svg\" viewBox=\"0 0 448 512\"><path d=\"M160 32V64H288V32C288 14.33 302.3 0 320 0C337.7 0 352 14.33 352 32V64H400C426.5 64 448 85.49 448 112V160H0V112C0 85.49 21.49 64 48 64H96V32C96 14.33 110.3 0 128 0C145.7 0 160 14.33 160 32zM0 192H448V464C448 490.5 426.5 512 400 512H48C21.49 512 0 490.5 0 464V192zM64 304C64 312.8 71.16 320 80 320H112C120.8 320 128 312.8 128 304V272C128 263.2 120.8 256 112 256H80C71.16 256 64 263.2 64 272V304zM192 304C192 312.8 199.2 320 208 320H240C248.8 320 256 312.8 256 304V272C256 263.2 248.8 256 240 256H208C199.2 256 192 263.2 192 272V304zM336 256C327.2 256 320 263.2 320 272V304C320 312.8 327.2 320 336 320H368C376.8 320 384 312.8 384 304V272C384 263.2 376.8 256 368 256H336zM64 432C64 440.8 71.16 448 80 448H112C120.8 448 128 440.8 128 432V400C128 391.2 120.8 384 112 384H80C71.16 384 64 391.2 64 400V432zM208 384C199.2 384 192 391.2 192 400V432C192 440.8 199.2 448 208 448H240C248.8 448 256 440.8 256 432V400C256 391.2 248.8 384 240 384H208zM320 432C320 440.8 327.2 448 336 448H368C376.8 448 384 440.8 384 432V400C384 391.2 376.8 384 368 384H336C327.2 384 320 391.2 320 400V432z\"><\/path><\/svg><\/div><div class=\"uagb-timeline__day-new uagb-timeline__day-right uagb-timeline__events-inner-new\"><div class=\"uagb-timeline__events-inner--content\"><div class=\"uagb-timeline__date-hide uagb-timeline__inner-date-new\">1995<\/div><h2 class=\"uagb-timeline__heading\">\u00c0 l\u2019origine<\/h2><p class=\"uagb-timeline-desc-content\">Tout commence en 1995, lorsque mes parents reprennent une parcelle de vigne alors qu\u2019ils ne sont pas du m\u00e9tier. Mon p\u00e8re, fils d\u2019agriculteur, adore travailler la terre, c\u2019est une \u00e9vidence pour lui. Il apprend avec les conseils du voisin qui est vigneron. C\u2019est gr\u00e2ce \u00e0 cette parcelle que la cuv\u00e9e pr\u00e9lude est n\u00e9e.<\/p><div class=\"uagb-timeline__arrow\"><\/div><\/div><\/div><div class=\"uagb-timeline__date-new\">1995<\/div><\/article>\n\n\n\n<article class=\"wp-block-uagb-content-timeline-child uagb-timeline__field uagb-timeline-child-69593456 uagb-timeline__left\"><div class=\"uagb-timeline__marker out-view-uagb-timeline__icon\"><svg xmlns=\"https:\/\/www.w3.org\/2000\/svg\" viewBox=\"0 0 448 512\"><path d=\"M160 32V64H288V32C288 14.33 302.3 0 320 0C337.7 0 352 14.33 352 32V64H400C426.5 64 448 85.49 448 112V160H0V112C0 85.49 21.49 64 48 64H96V32C96 14.33 110.3 0 128 0C145.7 0 160 14.33 160 32zM0 192H448V464C448 490.5 426.5 512 400 512H48C21.49 512 0 490.5 0 464V192zM64 304C64 312.8 71.16 320 80 320H112C120.8 320 128 312.8 128 304V272C128 263.2 120.8 256 112 256H80C71.16 256 64 263.2 64 272V304zM192 304C192 312.8 199.2 320 208 320H240C248.8 320 256 312.8 256 304V272C256 263.2 248.8 256 240 256H208C199.2 256 192 263.2 192 272V304zM336 256C327.2 256 320 263.2 320 272V304C320 312.8 327.2 320 336 320H368C376.8 320 384 312.8 384 304V272C384 263.2 376.8 256 368 256H336zM64 432C64 440.8 71.16 448 80 448H112C120.8 448 128 440.8 128 432V400C128 391.2 120.8 384 112 384H80C71.16 384 64 391.2 64 400V432zM208 384C199.2 384 192 391.2 192 400V432C192 440.8 199.2 448 208 448H240C248.8 448 256 440.8 256 432V400C256 391.2 248.8 384 240 384H208zM320 432C320 440.8 327.2 448 336 448H368C376.8 448 384 440.8 384 432V400C384 391.2 376.8 384 368 384H336C327.2 384 320 391.2 320 400V432z\"><\/path><\/svg><\/div><div class=\"uagb-timeline__day-new uagb-timeline__day-left uagb-timeline__events-inner-new\"><div class=\"uagb-timeline__events-inner--content\"><div class=\"uagb-timeline__date-hide uagb-timeline__inner-date-new\">1996<\/div><h2 class=\"uagb-timeline__heading\">Le pr\u00e9lude<\/h2><p class=\"uagb-timeline-desc-content\">J\u2019ai alors 10 ans. Un jour, j\u2019accompagne mon p\u00e8re \u00e0 la cave pour go\u00fbter les cuves de leur premier mill\u00e9sime. Il y en a 3. Je trouve que chaque cuve a un go\u00fbt diff\u00e9rent alors qu\u2019il n\u2019a qu\u2019une seule parcelle de vigne et donc un seul type de raisin. Je demande des explications \u00e0 mon p\u00e8re.<br>Il me r\u00e9pond \u201cJe n\u2019ai pas la r\u00e9ponse mais tu sais, tout \u00e7a s\u2019apprend, il existe des formations \u00e0 ce sujet !\u201d<br>J\u2019ai donc gard\u00e9 cette id\u00e9e en t\u00eate ! Apr\u00e8s avoir eu mon bac scientifique, j\u2019ai \u00e9tudi\u00e9 \u00e0 Tours en BTSA viticulture \u0153nologie puis j\u2019ai continu\u00e9 \u00e0 Dijon pour obtenir un dipl\u00f4me national d\u2019\u0153nologue (DNO).<br><\/p><div class=\"uagb-timeline__arrow\"><\/div><\/div><\/div><div class=\"uagb-timeline__date-new\">1996<\/div><\/article>\n\n\n\n<article class=\"wp-block-uagb-content-timeline-child uagb-timeline__field uagb-timeline-child-4fb41cb6 uagb-timeline__right\"><div class=\"uagb-timeline__marker out-view-uagb-timeline__icon\"><svg xmlns=\"https:\/\/www.w3.org\/2000\/svg\" viewBox=\"0 0 448 512\"><path d=\"M160 32V64H288V32C288 14.33 302.3 0 320 0C337.7 0 352 14.33 352 32V64H400C426.5 64 448 85.49 448 112V160H0V112C0 85.49 21.49 64 48 64H96V32C96 14.33 110.3 0 128 0C145.7 0 160 14.33 160 32zM0 192H448V464C448 490.5 426.5 512 400 512H48C21.49 512 0 490.5 0 464V192zM64 304C64 312.8 71.16 320 80 320H112C120.8 320 128 312.8 128 304V272C128 263.2 120.8 256 112 256H80C71.16 256 64 263.2 64 272V304zM192 304C192 312.8 199.2 320 208 320H240C248.8 320 256 312.8 256 304V272C256 263.2 248.8 256 240 256H208C199.2 256 192 263.2 192 272V304zM336 256C327.2 256 320 263.2 320 272V304C320 312.8 327.2 320 336 320H368C376.8 320 384 312.8 384 304V272C384 263.2 376.8 256 368 256H336zM64 432C64 440.8 71.16 448 80 448H112C120.8 448 128 440.8 128 432V400C128 391.2 120.8 384 112 384H80C71.16 384 64 391.2 64 400V432zM208 384C199.2 384 192 391.2 192 400V432C192 440.8 199.2 448 208 448H240C248.8 448 256 440.8 256 432V400C256 391.2 248.8 384 240 384H208zM320 432C320 440.8 327.2 448 336 448H368C376.8 448 384 440.8 384 432V400C384 391.2 376.8 384 368 384H336C327.2 384 320 391.2 320 400V432z\"><\/path><\/svg><\/div><div class=\"uagb-timeline__day-new uagb-timeline__day-right uagb-timeline__events-inner-new\"><div class=\"uagb-timeline__events-inner--content\"><div class=\"uagb-timeline__date-hide uagb-timeline__inner-date-new\">2017<\/div><h2 class=\"uagb-timeline__heading\">Le pr\u00e9ambule<\/h2><p class=\"uagb-timeline-desc-content\">En 2017, 2 ans apr\u00e8s la naissance de mon 2\u00e8 enfant Adam, l\u2019envie de m\u2019installer \u00e0 Quincy est toujours pr\u00e9sente. Je cr\u00e9e mon entreprise individuelle pour planter de la vigne en AOC Quincy tout en gardant un emploi salari\u00e9 \u00e0 Sancerre. Peut-\u00eatre qu\u2019un jour, la surface sera suffisante pour la regrouper avec celle de mes parents et pouvoir m\u2019installer.<\/p><div class=\"uagb-timeline__arrow\"><\/div><\/div><\/div><div class=\"uagb-timeline__date-new\">2017<\/div><\/article>\n\n\n\n<article class=\"wp-block-uagb-content-timeline-child uagb-timeline__field uagb-timeline-child-fcea056f uagb-timeline__left\"><div class=\"uagb-timeline__marker out-view-uagb-timeline__icon\"><svg xmlns=\"https:\/\/www.w3.org\/2000\/svg\" viewBox=\"0 0 448 512\"><path d=\"M160 32V64H288V32C288 14.33 302.3 0 320 0C337.7 0 352 14.33 352 32V64H400C426.5 64 448 85.49 448 112V160H0V112C0 85.49 21.49 64 48 64H96V32C96 14.33 110.3 0 128 0C145.7 0 160 14.33 160 32zM0 192H448V464C448 490.5 426.5 512 400 512H48C21.49 512 0 490.5 0 464V192zM64 304C64 312.8 71.16 320 80 320H112C120.8 320 128 312.8 128 304V272C128 263.2 120.8 256 112 256H80C71.16 256 64 263.2 64 272V304zM192 304C192 312.8 199.2 320 208 320H240C248.8 320 256 312.8 256 304V272C256 263.2 248.8 256 240 256H208C199.2 256 192 263.2 192 272V304zM336 256C327.2 256 320 263.2 320 272V304C320 312.8 327.2 320 336 320H368C376.8 320 384 312.8 384 304V272C384 263.2 376.8 256 368 256H336zM64 432C64 440.8 71.16 448 80 448H112C120.8 448 128 440.8 128 432V400C128 391.2 120.8 384 112 384H80C71.16 384 64 391.2 64 400V432zM208 384C199.2 384 192 391.2 192 400V432C192 440.8 199.2 448 208 448H240C248.8 448 256 440.8 256 432V400C256 391.2 248.8 384 240 384H208zM320 432C320 440.8 327.2 448 336 448H368C376.8 448 384 440.8 384 432V400C384 391.2 376.8 384 368 384H336C327.2 384 320 391.2 320 400V432z\"><\/path><\/svg><\/div><div class=\"uagb-timeline__day-new uagb-timeline__day-left uagb-timeline__events-inner-new\"><div class=\"uagb-timeline__events-inner--content\"><div class=\"uagb-timeline__date-hide uagb-timeline__inner-date-new\">2017<\/div><h2 class=\"uagb-timeline__heading\">Le destin<\/h2><p class=\"uagb-timeline-desc-content\">Pour que ce projet se concr\u00e9tise, il me manquait un chai. Et c\u2019est aussi en 2017, qu\u2019une opportunit\u00e9 se pr\u00e9sente \u00e0 Brinay. Cela me permet d\u2019avoir acc\u00e8s \u00e0 un chai et \u00e0 presque 2 hectares de vignes qui donneront la cuv\u00e9e pr\u00e9face.<\/p><div class=\"uagb-timeline__arrow\"><\/div><\/div><\/div><div class=\"uagb-timeline__date-new\">2017<\/div><\/article>\n\n\n\n<article class=\"wp-block-uagb-content-timeline-child uagb-timeline__field uagb-timeline-child-fdfda7a6 uagb-timeline__right\"><div class=\"uagb-timeline__marker out-view-uagb-timeline__icon\"><svg xmlns=\"https:\/\/www.w3.org\/2000\/svg\" viewBox=\"0 0 448 512\"><path d=\"M160 32V64H288V32C288 14.33 302.3 0 320 0C337.7 0 352 14.33 352 32V64H400C426.5 64 448 85.49 448 112V160H0V112C0 85.49 21.49 64 48 64H96V32C96 14.33 110.3 0 128 0C145.7 0 160 14.33 160 32zM0 192H448V464C448 490.5 426.5 512 400 512H48C21.49 512 0 490.5 0 464V192zM64 304C64 312.8 71.16 320 80 320H112C120.8 320 128 312.8 128 304V272C128 263.2 120.8 256 112 256H80C71.16 256 64 263.2 64 272V304zM192 304C192 312.8 199.2 320 208 320H240C248.8 320 256 312.8 256 304V272C256 263.2 248.8 256 240 256H208C199.2 256 192 263.2 192 272V304zM336 256C327.2 256 320 263.2 320 272V304C320 312.8 327.2 320 336 320H368C376.8 320 384 312.8 384 304V272C384 263.2 376.8 256 368 256H336zM64 432C64 440.8 71.16 448 80 448H112C120.8 448 128 440.8 128 432V400C128 391.2 120.8 384 112 384H80C71.16 384 64 391.2 64 400V432zM208 384C199.2 384 192 391.2 192 400V432C192 440.8 199.2 448 208 448H240C248.8 448 256 440.8 256 432V400C256 391.2 248.8 384 240 384H208zM320 432C320 440.8 327.2 448 336 448H368C376.8 448 384 440.8 384 432V400C384 391.2 376.8 384 368 384H336C327.2 384 320 391.2 320 400V432z\"><\/path><\/svg><\/div><div class=\"uagb-timeline__day-new uagb-timeline__day-right uagb-timeline__events-inner-new\"><div class=\"uagb-timeline__events-inner--content\"><div class=\"uagb-timeline__date-hide uagb-timeline__inner-date-new\">2020<\/div><h2 class=\"uagb-timeline__heading\">Le d\u00e9veloppement<\/h2><p class=\"uagb-timeline-desc-content\">En 2020, le moment est venu d&rsquo;arr\u00eater mon emploi \u00e0 Sancerre pour m\u2019installer \u00e0 temps complet \u00e0 Quincy avec mes parents. Nous avons alors 5 hectares de vignes. La cave est partag\u00e9e avec d\u2019autres vignerons, ce qui me permet d\u2019avoir du mat\u00e9riel performant vu la taille de mon exploitation. Je suis la seule \u00e0 commercialiser et stocker les bouteilles sur place. Tr\u00e8s vite, il va falloir trouver une solution pour d\u00e9m\u00e9nager le stockage et la pr\u00e9paration de commandes.<\/p><div class=\"uagb-timeline__arrow\"><\/div><\/div><\/div><div class=\"uagb-timeline__date-new\">2020<\/div><\/article>\n\n\n\n<article class=\"wp-block-uagb-content-timeline-child uagb-timeline__field uagb-timeline-child-05ede886 uagb-timeline__left\"><div class=\"uagb-timeline__marker out-view-uagb-timeline__icon\"><svg xmlns=\"https:\/\/www.w3.org\/2000\/svg\" viewBox=\"0 0 448 512\"><path d=\"M160 32V64H288V32C288 14.33 302.3 0 320 0C337.7 0 352 14.33 352 32V64H400C426.5 64 448 85.49 448 112V160H0V112C0 85.49 21.49 64 48 64H96V32C96 14.33 110.3 0 128 0C145.7 0 160 14.33 160 32zM0 192H448V464C448 490.5 426.5 512 400 512H48C21.49 512 0 490.5 0 464V192zM64 304C64 312.8 71.16 320 80 320H112C120.8 320 128 312.8 128 304V272C128 263.2 120.8 256 112 256H80C71.16 256 64 263.2 64 272V304zM192 304C192 312.8 199.2 320 208 320H240C248.8 320 256 312.8 256 304V272C256 263.2 248.8 256 240 256H208C199.2 256 192 263.2 192 272V304zM336 256C327.2 256 320 263.2 320 272V304C320 312.8 327.2 320 336 320H368C376.8 320 384 312.8 384 304V272C384 263.2 376.8 256 368 256H336zM64 432C64 440.8 71.16 448 80 448H112C120.8 448 128 440.8 128 432V400C128 391.2 120.8 384 112 384H80C71.16 384 64 391.2 64 400V432zM208 384C199.2 384 192 391.2 192 400V432C192 440.8 199.2 448 208 448H240C248.8 448 256 440.8 256 432V400C256 391.2 248.8 384 240 384H208zM320 432C320 440.8 327.2 448 336 448H368C376.8 448 384 440.8 384 432V400C384 391.2 376.8 384 368 384H336C327.2 384 320 391.2 320 400V432z\"><\/path><\/svg><\/div><div class=\"uagb-timeline__day-new uagb-timeline__day-left uagb-timeline__events-inner-new\"><div class=\"uagb-timeline__events-inner--content\"><div class=\"uagb-timeline__date-hide uagb-timeline__inner-date-new\">2021<\/div><h2 class=\"uagb-timeline__heading\">La conversion<\/h2><p class=\"uagb-timeline-desc-content\">Maintenant que je suis install\u00e9e compl\u00e8tement, je peux commencer \u00e0 travailler comme je le souhaite vraiment, en allant plus loin dans les choix techniques. Je m\u2019engage donc, dans une conversion \u00e0 l\u2019agriculture biologique. 2021 n\u2019a pas \u00e9t\u00e9 simple mais nous avons r\u00e9ussi \u00e0 garder le cap !<\/p><div class=\"uagb-timeline__arrow\"><\/div><\/div><\/div><div class=\"uagb-timeline__date-new\">2021<\/div><\/article>\n\n\n\n<article class=\"wp-block-uagb-content-timeline-child uagb-timeline__field uagb-timeline-child-da4b6c44 uagb-timeline__right\"><div class=\"uagb-timeline__marker out-view-uagb-timeline__icon\"><svg xmlns=\"https:\/\/www.w3.org\/2000\/svg\" viewBox=\"0 0 448 512\"><path d=\"M160 32V64H288V32C288 14.33 302.3 0 320 0C337.7 0 352 14.33 352 32V64H400C426.5 64 448 85.49 448 112V160H0V112C0 85.49 21.49 64 48 64H96V32C96 14.33 110.3 0 128 0C145.7 0 160 14.33 160 32zM0 192H448V464C448 490.5 426.5 512 400 512H48C21.49 512 0 490.5 0 464V192zM64 304C64 312.8 71.16 320 80 320H112C120.8 320 128 312.8 128 304V272C128 263.2 120.8 256 112 256H80C71.16 256 64 263.2 64 272V304zM192 304C192 312.8 199.2 320 208 320H240C248.8 320 256 312.8 256 304V272C256 263.2 248.8 256 240 256H208C199.2 256 192 263.2 192 272V304zM336 256C327.2 256 320 263.2 320 272V304C320 312.8 327.2 320 336 320H368C376.8 320 384 312.8 384 304V272C384 263.2 376.8 256 368 256H336zM64 432C64 440.8 71.16 448 80 448H112C120.8 448 128 440.8 128 432V400C128 391.2 120.8 384 112 384H80C71.16 384 64 391.2 64 400V432zM208 384C199.2 384 192 391.2 192 400V432C192 440.8 199.2 448 208 448H240C248.8 448 256 440.8 256 432V400C256 391.2 248.8 384 240 384H208zM320 432C320 440.8 327.2 448 336 448H368C376.8 448 384 440.8 384 432V400C384 391.2 376.8 384 368 384H336C327.2 384 320 391.2 320 400V432z\"><\/path><\/svg><\/div><div class=\"uagb-timeline__day-new uagb-timeline__day-right uagb-timeline__events-inner-new\"><div class=\"uagb-timeline__events-inner--content\"><div class=\"uagb-timeline__date-hide uagb-timeline__inner-date-new\">2024<\/div><h2 class=\"uagb-timeline__heading\">L&rsquo;accomplissement<\/h2><p class=\"uagb-timeline-desc-content\">En 2024, l\u2019ann\u00e9e a \u00e9t\u00e9 tr\u00e8s pluvieuse. Il y a eu beaucoup de doutes et d\u2019\u00e9motions mais nous avons tenu bon et nous en sommes tr\u00e8s fiers. Les vins ont \u00e9t\u00e9 certifi\u00e9s bio pour la premi\u00e8re fois.<\/p><div class=\"uagb-timeline__arrow\"><\/div><\/div><\/div><div class=\"uagb-timeline__date-new\">2024<\/div><\/article>\n\n\n\n<article class=\"wp-block-uagb-content-timeline-child uagb-timeline__field uagb-timeline-child-11997cbf uagb-timeline__left\"><div class=\"uagb-timeline__marker out-view-uagb-timeline__icon\"><svg xmlns=\"https:\/\/www.w3.org\/2000\/svg\" viewBox=\"0 0 448 512\"><path d=\"M160 32V64H288V32C288 14.33 302.3 0 320 0C337.7 0 352 14.33 352 32V64H400C426.5 64 448 85.49 448 112V160H0V112C0 85.49 21.49 64 48 64H96V32C96 14.33 110.3 0 128 0C145.7 0 160 14.33 160 32zM0 192H448V464C448 490.5 426.5 512 400 512H48C21.49 512 0 490.5 0 464V192zM64 304C64 312.8 71.16 320 80 320H112C120.8 320 128 312.8 128 304V272C128 263.2 120.8 256 112 256H80C71.16 256 64 263.2 64 272V304zM192 304C192 312.8 199.2 320 208 320H240C248.8 320 256 312.8 256 304V272C256 263.2 248.8 256 240 256H208C199.2 256 192 263.2 192 272V304zM336 256C327.2 256 320 263.2 320 272V304C320 312.8 327.2 320 336 320H368C376.8 320 384 312.8 384 304V272C384 263.2 376.8 256 368 256H336zM64 432C64 440.8 71.16 448 80 448H112C120.8 448 128 440.8 128 432V400C128 391.2 120.8 384 112 384H80C71.16 384 64 391.2 64 400V432zM208 384C199.2 384 192 391.2 192 400V432C192 440.8 199.2 448 208 448H240C248.8 448 256 440.8 256 432V400C256 391.2 248.8 384 240 384H208zM320 432C320 440.8 327.2 448 336 448H368C376.8 448 384 440.8 384 432V400C384 391.2 376.8 384 368 384H336C327.2 384 320 391.2 320 400V432z\"><\/path><\/svg><\/div><div class=\"uagb-timeline__day-new uagb-timeline__day-left uagb-timeline__events-inner-new\"><div class=\"uagb-timeline__events-inner--content\"><div class=\"uagb-timeline__date-hide uagb-timeline__inner-date-new\">2025<\/div><h2 class=\"uagb-timeline__heading\">Et apr\u00e8s&#8230;<\/h2><p class=\"uagb-timeline-desc-content\">En 2025, le d\u00e9m\u00e9nagement du stockage est pr\u00e9vu dans le bourg de Quincy. Ce d\u00e9m\u00e9nagement me permettra \u00e9galement d\u2019accueillir mes clients dans un endroit d\u00e9di\u00e9.<br><\/p><div class=\"uagb-timeline__arrow\"><\/div><\/div><\/div><div class=\"uagb-timeline__date-new\">2025<\/div><\/article>\n<div class=\"uagb-timeline__line\"><div class=\"uagb-timeline__line__inner\"><\/div><\/div><\/div>\n\n\n\n<div style=\"height:40px\" aria-hidden=\"true\" class=\"wp-block-spacer\"><\/div>\n\n\n\n<div class=\"wp-block-media-text has-media-on-the-right is-stacked-on-mobile has-white-background-color has-background\" style=\"margin-right:20px;margin-left:20px;padding-top:20px;padding-right:20px;padding-bottom:20px;padding-left:20px;grid-template-columns:auto 27%\"><div class=\"wp-block-media-text__content\">\n<h2 class=\"wp-block-heading\" id=\"philo\" style=\"margin-right:-10px;margin-left:-10px;font-size:40px\">Notre Philosophie<\/h2>\n\n\n\n<p style=\"margin-top:0px;margin-right:-10px;margin-bottom:0px;margin-left:-10px;font-size:17px\">Travailler la vigne, c\u2019est avant tout observer, accompagner, respecter.<br>Au domaine, nous croyons en une viticulture vivante, enracin\u00e9e dans son terroir et en lien avec le rythme naturel des saisons.<br>Nous cherchons l\u2019\u00e9quilibre : celui entre intervention et l\u00e2cher-prise, entre pr\u00e9cision et intuition.<\/p>\n\n\n\n<p style=\"margin-top:0px;margin-right:-10px;margin-bottom:0px;margin-left:-10px;font-size:17px\">Notre but : produire des vins justes, sinc\u00e8res, qui parlent autant du lieu que des gens qui les font.<\/p>\n<\/div><figure class=\"wp-block-media-text__media\"><img loading=\"lazy\" decoding=\"async\" width=\"768\" height=\"1024\" src=\"https:\/\/www.domainedelepine.fr\/prod\/wp-content\/uploads\/2025\/06\/760F6439-F2A0-4397-8053-D76313BED041-copie.jpg\" alt=\"Pied de vigne\" class=\"wp-image-1112 size-full\" srcset=\"https:\/\/www.domainedelepine.fr\/wp-content\/uploads\/2025\/06\/760F6439-F2A0-4397-8053-D76313BED041-copie.jpg 768w, https:\/\/www.domainedelepine.fr\/wp-content\/uploads\/2025\/06\/760F6439-F2A0-4397-8053-D76313BED041-copie-225x300.jpg 225w\" sizes=\"auto, (max-width: 768px) 100vw, 768px\" \/><\/figure><\/div>\n\n\n\n<div style=\"height:40px\" aria-hidden=\"true\" class=\"wp-block-spacer\"><\/div>\n\n\n\n<h2 class=\"wp-block-heading has-text-align-center\" id=\"histoireaocquincy\" style=\"font-size:40px\">L&rsquo;AOC Quincy<\/h2>\n\n\n\n<p class=\"has-text-align-center\">D\u00e9couvrez Quincy ! Son terroir, ses habitants mais surtout ses vignerons&#8230;<\/p>\n\n\n\n<div class=\"wp-block-uagb-container uagb-block-8644c104 alignwide uagb-is-root-container\">\n<div class=\"wp-block-uagb-container uagb-block-e160a1f5\">\n<figure class=\"wp-block-embed is-type-video is-provider-youtube wp-block-embed-youtube wp-embed-aspect-16-9 wp-has-aspect-ratio\"><div class=\"wp-block-embed__wrapper\">\n<iframe loading=\"lazy\" title=\"#1 TERROIRS DE QUINCY, REUILLY, CH\u00c2TEAUMEILLANT | English subtitles\" width=\"500\" height=\"281\" src=\"https:\/\/www.youtube.com\/embed\/Z-nagGei4to?start=6&#038;feature=oembed\" frameborder=\"0\" allow=\"accelerometer; autoplay; clipboard-write; encrypted-media; gyroscope; picture-in-picture; web-share\" referrerpolicy=\"strict-origin-when-cross-origin\" allowfullscreen><\/iframe>\n<\/div><\/figure>\n<\/div>\n\n\n\n<div class=\"wp-block-uagb-container uagb-block-9967cb89\">\n<figure class=\"wp-block-embed is-type-video is-provider-youtube wp-block-embed-youtube wp-embed-aspect-16-9 wp-has-aspect-ratio\"><div class=\"wp-block-embed__wrapper\">\n<iframe loading=\"lazy\" title=\"Printemps, Terres et Tourbillons de Quincy\" width=\"500\" height=\"281\" src=\"https:\/\/www.youtube.com\/embed\/nXkX2HxXglY?feature=oembed\" frameborder=\"0\" allow=\"accelerometer; autoplay; clipboard-write; encrypted-media; gyroscope; picture-in-picture; web-share\" referrerpolicy=\"strict-origin-when-cross-origin\" allowfullscreen><\/iframe>\n<\/div><\/figure>\n<\/div>\n<\/div>\n\n\n\n<div style=\"height:200px\" aria-hidden=\"true\" class=\"wp-block-spacer\"><\/div>\n","protected":false},"excerpt":{"rendered":"<p>Le Domaine Pr\u00e9sentation Notre domaine familial est situ\u00e9 \u00e0 Quincy, sur la rive gauche du Cher, au c\u0153ur du Berry.C\u2019est [&hellip;]<\/p>\n","protected":false},"author":1,"featured_media":0,"parent":0,"menu_order":0,"comment_status":"closed","ping_status":"closed","template":"","meta":{"_uag_custom_page_level_css":"","site-sidebar-layout":"default","site-content-layout":"","ast-site-content-layout":"","site-content-style":"default","site-sidebar-style":"default","ast-global-header-display":"","ast-banner-title-visibility":"","ast-main-header-display":"","ast-hfb-above-header-display":"","ast-hfb-below-header-display":"","ast-hfb-mobile-header-display":"","site-post-title":"disabled","ast-breadcrumbs-content":"","ast-featured-img":"","footer-sml-layout":"","ast-disable-related-posts":"","theme-transparent-header-meta":"","adv-header-id-meta":"","stick-header-meta":"","header-above-stick-meta":"","header-main-stick-meta":"","header-below-stick-meta":"","astra-migrate-meta-layouts":"default","ast-page-background-enabled":"default","ast-page-background-meta":{"desktop":{"background-color":"var(--ast-global-color-5)","background-image":"","background-repeat":"repeat","background-position":"center center","background-size":"auto","background-attachment":"scroll","background-type":"","background-media":"","overlay-type":"","overlay-color":"","overlay-opacity":"","overlay-gradient":""},"tablet":{"background-color":"","background-image":"","background-repeat":"repeat","background-position":"center center","background-size":"auto","background-attachment":"scroll","background-type":"","background-media":"","overlay-type":"","overlay-color":"","overlay-opacity":"","overlay-gradient":""},"mobile":{"background-color":"","background-image":"","background-repeat":"repeat","background-position":"center center","background-size":"auto","background-attachment":"scroll","background-type":"","background-media":"","overlay-type":"","overlay-color":"","overlay-opacity":"","overlay-gradient":""}},"ast-content-background-meta":{"desktop":{"background-color":"var(--ast-global-color-4)","background-image":"","background-repeat":"repeat","background-position":"center center","background-size":"auto","background-attachment":"scroll","background-type":"","background-media":"","overlay-type":"","overlay-color":"","overlay-opacity":"","overlay-gradient":""},"tablet":{"background-color":"var(--ast-global-color-4)","background-image":"","background-repeat":"repeat","background-position":"center center","background-size":"auto","background-attachment":"scroll","background-type":"","background-media":"","overlay-type":"","overlay-color":"","overlay-opacity":"","overlay-gradient":""},"mobile":{"background-color":"var(--ast-global-color-4)","background-image":"","background-repeat":"repeat","background-position":"center center","background-size":"auto","background-attachment":"scroll","background-type":"","background-media":"","overlay-type":"","overlay-color":"","overlay-opacity":"","overlay-gradient":""}},"footnotes":""},"class_list":["post-60","page","type-page","status-publish","hentry"],"yoast_head":"<!-- This site is optimized with the Yoast SEO plugin v26.9 - https:\/\/yoast.com\/product\/yoast-seo-wordpress\/ -->\n<title>Histoire -<\/title>\n<meta name=\"description\" content=\"D\u00e9couvrez l&#039;histoire de notre domaine viticole, son \u00e9volution et notre vision pour demain. Partagez notre passion et nos projets.\" \/>\n<meta name=\"robots\" content=\"index, follow, max-snippet:-1, max-image-preview:large, max-video-preview:-1\" \/>\n<link rel=\"canonical\" href=\"https:\/\/www.domainedelepine.fr\/index.php\/histoire\/\" \/>\n<meta property=\"og:locale\" content=\"fr_FR\" \/>\n<meta property=\"og:type\" content=\"article\" \/>\n<meta property=\"og:title\" content=\"Histoire -\" \/>\n<meta property=\"og:description\" content=\"D\u00e9couvrez l&#039;histoire de notre domaine viticole, son \u00e9volution et notre vision pour demain. Partagez notre passion et nos projets.\" \/>\n<meta property=\"og:url\" content=\"https:\/\/www.domainedelepine.fr\/index.php\/histoire\/\" \/>\n<meta property=\"article:modified_time\" content=\"2025-06-18T14:18:17+00:00\" \/>\n<meta property=\"og:image\" content=\"http:\/\/www.domainedelepine.fr\/prod\/wp-content\/uploads\/2025\/06\/IMG_9361-768x1024.jpeg\" \/>\n<meta name=\"twitter:card\" content=\"summary_large_image\" \/>\n<meta name=\"twitter:label1\" content=\"Dur\u00e9e de lecture estim\u00e9e\" \/>\n\t<meta name=\"twitter:data1\" content=\"4 minutes\" \/>\n<script type=\"application\/ld+json\" class=\"yoast-schema-graph\">{\"@context\":\"https:\/\/schema.org\",\"@graph\":[{\"@type\":\"WebPage\",\"@id\":\"https:\/\/www.domainedelepine.fr\/index.php\/histoire\/\",\"url\":\"https:\/\/www.domainedelepine.fr\/index.php\/histoire\/\",\"name\":\"Histoire -\",\"isPartOf\":{\"@id\":\"https:\/\/www.domainedelepine.fr\/#website\"},\"primaryImageOfPage\":{\"@id\":\"https:\/\/www.domainedelepine.fr\/index.php\/histoire\/#primaryimage\"},\"image\":{\"@id\":\"https:\/\/www.domainedelepine.fr\/index.php\/histoire\/#primaryimage\"},\"thumbnailUrl\":\"http:\/\/www.domainedelepine.fr\/prod\/wp-content\/uploads\/2025\/06\/IMG_9361-768x1024.jpeg\",\"datePublished\":\"2025-05-12T14:39:13+00:00\",\"dateModified\":\"2025-06-18T14:18:17+00:00\",\"description\":\"D\u00e9couvrez l'histoire de notre domaine viticole, son \u00e9volution et notre vision pour demain. Partagez notre passion et nos projets.\",\"breadcrumb\":{\"@id\":\"https:\/\/www.domainedelepine.fr\/index.php\/histoire\/#breadcrumb\"},\"inLanguage\":\"fr-FR\",\"potentialAction\":[{\"@type\":\"ReadAction\",\"target\":[\"https:\/\/www.domainedelepine.fr\/index.php\/histoire\/\"]}]},{\"@type\":\"ImageObject\",\"inLanguage\":\"fr-FR\",\"@id\":\"https:\/\/www.domainedelepine.fr\/index.php\/histoire\/#primaryimage\",\"url\":\"https:\/\/www.domainedelepine.fr\/wp-content\/uploads\/2025\/06\/IMG_9361.jpeg\",\"contentUrl\":\"https:\/\/www.domainedelepine.fr\/wp-content\/uploads\/2025\/06\/IMG_9361.jpeg\",\"width\":1536,\"height\":2048,\"caption\":\"Vigne en hiver avec l'embl\u00e9matique arbre de Quincy\"},{\"@type\":\"BreadcrumbList\",\"@id\":\"https:\/\/www.domainedelepine.fr\/index.php\/histoire\/#breadcrumb\",\"itemListElement\":[{\"@type\":\"ListItem\",\"position\":1,\"name\":\"Accueil\",\"item\":\"https:\/\/www.domainedelepine.fr\/\"},{\"@type\":\"ListItem\",\"position\":2,\"name\":\"Histoire\"}]},{\"@type\":\"WebSite\",\"@id\":\"https:\/\/www.domainedelepine.fr\/#website\",\"url\":\"https:\/\/www.domainedelepine.fr\/\",\"name\":\"\",\"description\":\"Domaine de l&#039;\u00c9pine\",\"potentialAction\":[{\"@type\":\"SearchAction\",\"target\":{\"@type\":\"EntryPoint\",\"urlTemplate\":\"https:\/\/www.domainedelepine.fr\/?s={search_term_string}\"},\"query-input\":{\"@type\":\"PropertyValueSpecification\",\"valueRequired\":true,\"valueName\":\"search_term_string\"}}],\"inLanguage\":\"fr-FR\"}]}<\/script>\n<!-- \/ Yoast SEO plugin. -->","yoast_head_json":{"title":"Histoire -","description":"D\u00e9couvrez l'histoire de notre domaine viticole, son \u00e9volution et notre vision pour demain. Partagez notre passion et nos projets.","robots":{"index":"index","follow":"follow","max-snippet":"max-snippet:-1","max-image-preview":"max-image-preview:large","max-video-preview":"max-video-preview:-1"},"canonical":"https:\/\/www.domainedelepine.fr\/index.php\/histoire\/","og_locale":"fr_FR","og_type":"article","og_title":"Histoire -","og_description":"D\u00e9couvrez l'histoire de notre domaine viticole, son \u00e9volution et notre vision pour demain. Partagez notre passion et nos projets.","og_url":"https:\/\/www.domainedelepine.fr\/index.php\/histoire\/","article_modified_time":"2025-06-18T14:18:17+00:00","og_image":[{"url":"http:\/\/www.domainedelepine.fr\/prod\/wp-content\/uploads\/2025\/06\/IMG_9361-768x1024.jpeg","type":"","width":"","height":""}],"twitter_card":"summary_large_image","twitter_misc":{"Dur\u00e9e de lecture estim\u00e9e":"4 minutes"},"schema":{"@context":"https:\/\/schema.org","@graph":[{"@type":"WebPage","@id":"https:\/\/www.domainedelepine.fr\/index.php\/histoire\/","url":"https:\/\/www.domainedelepine.fr\/index.php\/histoire\/","name":"Histoire -","isPartOf":{"@id":"https:\/\/www.domainedelepine.fr\/#website"},"primaryImageOfPage":{"@id":"https:\/\/www.domainedelepine.fr\/index.php\/histoire\/#primaryimage"},"image":{"@id":"https:\/\/www.domainedelepine.fr\/index.php\/histoire\/#primaryimage"},"thumbnailUrl":"http:\/\/www.domainedelepine.fr\/prod\/wp-content\/uploads\/2025\/06\/IMG_9361-768x1024.jpeg","datePublished":"2025-05-12T14:39:13+00:00","dateModified":"2025-06-18T14:18:17+00:00","description":"D\u00e9couvrez l'histoire de notre domaine viticole, son \u00e9volution et notre vision pour demain. Partagez notre passion et nos projets.","breadcrumb":{"@id":"https:\/\/www.domainedelepine.fr\/index.php\/histoire\/#breadcrumb"},"inLanguage":"fr-FR","potentialAction":[{"@type":"ReadAction","target":["https:\/\/www.domainedelepine.fr\/index.php\/histoire\/"]}]},{"@type":"ImageObject","inLanguage":"fr-FR","@id":"https:\/\/www.domainedelepine.fr\/index.php\/histoire\/#primaryimage","url":"https:\/\/www.domainedelepine.fr\/wp-content\/uploads\/2025\/06\/IMG_9361.jpeg","contentUrl":"https:\/\/www.domainedelepine.fr\/wp-content\/uploads\/2025\/06\/IMG_9361.jpeg","width":1536,"height":2048,"caption":"Vigne en hiver avec l'embl\u00e9matique arbre de Quincy"},{"@type":"BreadcrumbList","@id":"https:\/\/www.domainedelepine.fr\/index.php\/histoire\/#breadcrumb","itemListElement":[{"@type":"ListItem","position":1,"name":"Accueil","item":"https:\/\/www.domainedelepine.fr\/"},{"@type":"ListItem","position":2,"name":"Histoire"}]},{"@type":"WebSite","@id":"https:\/\/www.domainedelepine.fr\/#website","url":"https:\/\/www.domainedelepine.fr\/","name":"","description":"Domaine de l&#039;\u00c9pine","potentialAction":[{"@type":"SearchAction","target":{"@type":"EntryPoint","urlTemplate":"https:\/\/www.domainedelepine.fr\/?s={search_term_string}"},"query-input":{"@type":"PropertyValueSpecification","valueRequired":true,"valueName":"search_term_string"}}],"inLanguage":"fr-FR"}]}},"uagb_featured_image_src":{"full":false,"thumbnail":false,"medium":false,"medium_large":false,"large":false,"1536x1536":false,"2048x2048":false},"uagb_author_info":{"display_name":"domaief","author_link":"https:\/\/www.domainedelepine.fr\/index.php\/author\/domaief\/"},"uagb_comment_info":0,"uagb_excerpt":"Le Domaine Pr\u00e9sentation Notre domaine familial est situ\u00e9 \u00e0 Quincy, sur la rive gauche du Cher, au c\u0153ur du Berry.C\u2019est [&hellip;]","_links":{"self":[{"href":"https:\/\/www.domainedelepine.fr\/index.php\/wp-json\/wp\/v2\/pages\/60","targetHints":{"allow":["GET"]}}],"collection":[{"href":"https:\/\/www.domainedelepine.fr\/index.php\/wp-json\/wp\/v2\/pages"}],"about":[{"href":"https:\/\/www.domainedelepine.fr\/index.php\/wp-json\/wp\/v2\/types\/page"}],"author":[{"embeddable":true,"href":"https:\/\/www.domainedelepine.fr\/index.php\/wp-json\/wp\/v2\/users\/1"}],"replies":[{"embeddable":true,"href":"https:\/\/www.domainedelepine.fr\/index.php\/wp-json\/wp\/v2\/comments?post=60"}],"version-history":[{"count":106,"href":"https:\/\/www.domainedelepine.fr\/index.php\/wp-json\/wp\/v2\/pages\/60\/revisions"}],"predecessor-version":[{"id":1312,"href":"https:\/\/www.domainedelepine.fr\/index.php\/wp-json\/wp\/v2\/pages\/60\/revisions\/1312"}],"wp:attachment":[{"href":"https:\/\/www.domainedelepine.fr\/index.php\/wp-json\/wp\/v2\/media?parent=60"}],"curies":[{"name":"wp","href":"https:\/\/api.w.org\/{rel}","templated":true}]}}