{"id":152,"date":"2025-05-13T14:15:25","date_gmt":"2025-05-13T12:15:25","guid":{"rendered":"https:\/\/www.domainedelepine.fr\/prod\/?page_id=152"},"modified":"2026-02-12T17:58:04","modified_gmt":"2026-02-12T16:58:04","slug":"actualites","status":"publish","type":"page","link":"https:\/\/www.domainedelepine.fr\/index.php\/actualites\/","title":{"rendered":"Actualit\u00e9s"},"content":{"rendered":"\n<div style=\"height:40px\" aria-hidden=\"true\" class=\"wp-block-spacer\"><\/div>\n\n\n\n<h2 class=\"wp-block-heading has-text-align-center\" id=\"Salons\" style=\"font-size:40px\">#SaveTheDate<\/h2>\n\n\n\n<div class=\"wp-block-uagb-container uagb-block-fac48515 alignfull uagb-is-root-container\"><div class=\"uagb-container-inner-blocks-wrap\">\n<div class=\"wp-block-uagb-container uagb-block-0c546acc\">\n<figure class=\"wp-block-video\"><video height=\"720\" style=\"aspect-ratio: 1280 \/ 720;\" width=\"1280\" autoplay loop muted src=\"http:\/\/www.domainedelepine.fr\/wp-content\/uploads\/2025\/05\/Design-sans-titre-1.mp4\" playsinline><\/video><\/figure>\n\n\n\n<h3 class=\"wp-block-heading has-text-align-center\">En F\u00e9vrier<\/h3>\n\n\n\n<p><strong>D\u00e9gustation caviste : les vins du capitan<\/strong><br>\ud83d\udcc6 Le 20 janvier 2026<br>\ud83d\udccdLes vins du capitan<br>74600 Seynod<\/p>\n\n\n\n<div class=\"wp-block-buttons is-content-justification-center is-layout-flex wp-container-core-buttons-is-layout-a89b3969 wp-block-buttons-is-layout-flex\">\n<div class=\"wp-block-button is-style-outline is-style-outline--1\"><a class=\"wp-block-button__link wp-element-button\" href=\"https:\/\/www.instagram.com\/lesvinsducapitan\/\">En savoir +<\/a><\/div>\n<\/div>\n<\/div>\n\n\n\n<div class=\"wp-block-uagb-container uagb-block-f40b5f44\">\n<figure class=\"wp-block-video\"><video height=\"720\" style=\"aspect-ratio: 1280 \/ 720;\" width=\"1280\" autoplay loop muted src=\"http:\/\/www.domainedelepine.fr\/wp-content\/uploads\/2025\/05\/Design-sans-titre-1.mp4\" playsinline><\/video><\/figure>\n\n\n\n<h3 class=\"wp-block-heading has-text-align-center\">En F\u00e9vrier<\/h3>\n\n\n\n<p><strong>La lev\u00e9e de la LoireSalon des Vins et des Saveurs<br><\/strong>\ud83d\udcc6 Les 21 et 22 f\u00e9vrier 2026<br>\ud83d\udccdSalle de la forgerie<br>73160 Cognin<br><\/p>\n\n\n\n<div class=\"wp-block-buttons is-content-justification-center is-layout-flex wp-container-core-buttons-is-layout-a89b3969 wp-block-buttons-is-layout-flex\">\n<div class=\"wp-block-button is-style-outline is-style-outline--2\"><a class=\"wp-block-button__link wp-element-button\" href=\"https:\/\/www.grandchambery.fr\/tous-les-evenements\/salon-des-vins-et-saveurs-de-cognin-9eme-edition\">En savoir +<\/a><\/div>\n<\/div>\n<\/div>\n\n\n\n<div class=\"wp-block-uagb-container uagb-block-065af740\">\n<figure class=\"wp-block-video\"><video height=\"720\" style=\"aspect-ratio: 1280 \/ 720;\" width=\"1280\" autoplay loop muted src=\"http:\/\/www.domainedelepine.fr\/wp-content\/uploads\/2025\/05\/Design-sans-titre-1.mp4\" playsinline><\/video><\/figure>\n\n\n\n<h3 class=\"wp-block-heading has-text-align-center\">En Mai<\/h3>\n\n\n\n<p><strong>Vitiloire<\/strong><br>\ud83d\udcc6 Les 30 &amp; 31 mai 2026<br>\ud83d\udccdJardin de la pr\u00e9fecture<br> 37000 Tours<\/p>\n\n\n\n<div class=\"wp-block-buttons is-content-justification-center is-layout-flex wp-container-core-buttons-is-layout-a89b3969 wp-block-buttons-is-layout-flex\">\n<div class=\"wp-block-button is-style-outline is-style-outline--3\"><a class=\"wp-block-button__link wp-element-button\" href=\"https:\/\/www.eventseye.com\/fairs\/f-vitiloire-31775-0.html\">En savoir +<\/a><\/div>\n<\/div>\n<\/div>\n<\/div><\/div>\n\n\n\n<div style=\"height:40px\" aria-hidden=\"true\" class=\"wp-block-spacer\"><\/div>\n\n\n\n<h2 class=\"wp-block-heading has-text-align-center\">Les salons au programme<\/h2>\n\n\n\n<div class=\"wp-block-uagb-container uagb-block-86496bed alignfull uagb-is-root-container\"><div class=\"uagb-container-inner-blocks-wrap\">\n<div id=\"dates\" class=\"wp-block-uagb-container uagb-block-5839447e\">\n<div class=\"wp-block-uagb-icon-list uagb-block-5e766217\"><div class=\"uagb-icon-list__wrap\">\n<div class=\"wp-block-uagb-icon-list-child uagb-block-f082bec1\"><span class=\"uagb-icon-list__source-wrap\"><svg xmlns=\"https:\/\/www.w3.org\/2000\/svg\" viewBox=\"0 0 512 512\"><path d=\"M256 0C114.6 0 0 114.6 0 256c0 141.4 114.6 256 256 256s256-114.6 256-256C512 114.6 397.4 0 256 0zM406.6 278.6l-103.1 103.1c-12.5 12.5-32.75 12.5-45.25 0s-12.5-32.75 0-45.25L306.8 288H128C110.3 288 96 273.7 96 256s14.31-32 32-32h178.8l-49.38-49.38c-12.5-12.5-12.5-32.75 0-45.25s32.75-12.5 45.25 0l103.1 103.1C414.6 241.3 416 251.1 416 256C416 260.9 414.6 270.7 406.6 278.6z\"><\/path><\/svg><\/span><span class=\"uagb-icon-list__label\">\ud83d\udccd Mill\u00e9sime Bio &#8211; Montpellier<br>\ud83d\uddd3\ufe0f Fin janvier<\/span><\/div>\n\n\n\n<div class=\"wp-block-uagb-icon-list-child uagb-block-ac017165\"><span class=\"uagb-icon-list__source-wrap\"><svg xmlns=\"https:\/\/www.w3.org\/2000\/svg\" viewBox=\"0 0 512 512\"><path d=\"M256 0C114.6 0 0 114.6 0 256c0 141.4 114.6 256 256 256s256-114.6 256-256C512 114.6 397.4 0 256 0zM406.6 278.6l-103.1 103.1c-12.5 12.5-32.75 12.5-45.25 0s-12.5-32.75 0-45.25L306.8 288H128C110.3 288 96 273.7 96 256s14.31-32 32-32h178.8l-49.38-49.38c-12.5-12.5-12.5-32.75 0-45.25s32.75-12.5 45.25 0l103.1 103.1C414.6 241.3 416 251.1 416 256C416 260.9 414.6 270.7 406.6 278.6z\"><\/path><\/svg><\/span><span class=\"uagb-icon-list__label\">\ud83d\udccd La lev\u00e9e de la Loire &#8211; Angers<br>\ud83d\uddd3\ufe0f D\u00e9but f\u00e9vrier<\/span><\/div>\n\n\n\n<div class=\"wp-block-uagb-icon-list-child uagb-block-c4d2aa38\"><span class=\"uagb-icon-list__source-wrap\"><svg xmlns=\"https:\/\/www.w3.org\/2000\/svg\" viewBox=\"0 0 512 512\"><path d=\"M256 0C114.6 0 0 114.6 0 256c0 141.4 114.6 256 256 256s256-114.6 256-256C512 114.6 397.4 0 256 0zM406.6 278.6l-103.1 103.1c-12.5 12.5-32.75 12.5-45.25 0s-12.5-32.75 0-45.25L306.8 288H128C110.3 288 96 273.7 96 256s14.31-32 32-32h178.8l-49.38-49.38c-12.5-12.5-12.5-32.75 0-45.25s32.75-12.5 45.25 0l103.1 103.1C414.6 241.3 416 251.1 416 256C416 260.9 414.6 270.7 406.6 278.6z\"><\/path><\/svg><\/span><span class=\"uagb-icon-list__label\">\ud83d\udccd Vitiloire &#8211; Tours<br>\ud83d\uddd3\ufe0f Fin mai<\/span><\/div>\n\n\n\n<div class=\"wp-block-uagb-icon-list-child uagb-block-8ce804dd\"><span class=\"uagb-icon-list__source-wrap\"><svg xmlns=\"https:\/\/www.w3.org\/2000\/svg\" viewBox=\"0 0 512 512\"><path d=\"M256 0C114.6 0 0 114.6 0 256c0 141.4 114.6 256 256 256s256-114.6 256-256C512 114.6 397.4 0 256 0zM406.6 278.6l-103.1 103.1c-12.5 12.5-32.75 12.5-45.25 0s-12.5-32.75 0-45.25L306.8 288H128C110.3 288 96 273.7 96 256s14.31-32 32-32h178.8l-49.38-49.38c-12.5-12.5-12.5-32.75 0-45.25s32.75-12.5 45.25 0l103.1 103.1C414.6 241.3 416 251.1 416 256C416 260.9 414.6 270.7 406.6 278.6z\"><\/path><\/svg><\/span><span class=\"uagb-icon-list__label\">\ud83d\udccd Vingabondes<br>\ud83d\uddd3\ufe0f D\u00e9but juin<\/span><\/div>\n<\/div><\/div>\n<\/div>\n\n\n\n<div class=\"wp-block-uagb-container uagb-block-7e9b75d2\">\n<div class=\"wp-block-uagb-icon-list uagb-block-962f33ed\"><div class=\"uagb-icon-list__wrap\">\n<div class=\"wp-block-uagb-icon-list-child uagb-block-6a3a6232\"><span class=\"uagb-icon-list__source-wrap\"><svg xmlns=\"https:\/\/www.w3.org\/2000\/svg\" viewBox=\"0 0 512 512\"><path d=\"M256 0C114.6 0 0 114.6 0 256c0 141.4 114.6 256 256 256s256-114.6 256-256C512 114.6 397.4 0 256 0zM406.6 278.6l-103.1 103.1c-12.5 12.5-32.75 12.5-45.25 0s-12.5-32.75 0-45.25L306.8 288H128C110.3 288 96 273.7 96 256s14.31-32 32-32h178.8l-49.38-49.38c-12.5-12.5-12.5-32.75 0-45.25s32.75-12.5 45.25 0l103.1 103.1C414.6 241.3 416 251.1 416 256C416 260.9 414.6 270.7 406.6 278.6z\"><\/path><\/svg><\/span><span class=\"uagb-icon-list__label\">\ud83d\udccd Les journ\u00e9es de l&rsquo;oc\u00e9an &#8211; Quincy<br>\ud83d\uddd3\ufe0f Fin ao\u00fbt<\/span><\/div>\n\n\n\n<div class=\"wp-block-uagb-icon-list-child uagb-block-44cb571a\"><span class=\"uagb-icon-list__source-wrap\"><svg xmlns=\"https:\/\/www.w3.org\/2000\/svg\" viewBox=\"0 0 512 512\"><path d=\"M256 0C114.6 0 0 114.6 0 256c0 141.4 114.6 256 256 256s256-114.6 256-256C512 114.6 397.4 0 256 0zM406.6 278.6l-103.1 103.1c-12.5 12.5-32.75 12.5-45.25 0s-12.5-32.75 0-45.25L306.8 288H128C110.3 288 96 273.7 96 256s14.31-32 32-32h178.8l-49.38-49.38c-12.5-12.5-12.5-32.75 0-45.25s32.75-12.5 45.25 0l103.1 103.1C414.6 241.3 416 251.1 416 256C416 260.9 414.6 270.7 406.6 278.6z\"><\/path><\/svg><\/span><span class=\"uagb-icon-list__label\">\ud83d\udccd Salon saveurs et terroirs &#8211; Saint-Gr\u00e9goire<br>\ud83d\uddd3\ufe0f Mi-octobre<\/span><\/div>\n\n\n\n<div class=\"wp-block-uagb-icon-list-child uagb-block-5d5ba32e\"><span class=\"uagb-icon-list__source-wrap\"><svg xmlns=\"https:\/\/www.w3.org\/2000\/svg\" viewBox=\"0 0 512 512\"><path d=\"M256 0C114.6 0 0 114.6 0 256c0 141.4 114.6 256 256 256s256-114.6 256-256C512 114.6 397.4 0 256 0zM406.6 278.6l-103.1 103.1c-12.5 12.5-32.75 12.5-45.25 0s-12.5-32.75 0-45.25L306.8 288H128C110.3 288 96 273.7 96 256s14.31-32 32-32h178.8l-49.38-49.38c-12.5-12.5-12.5-32.75 0-45.25s32.75-12.5 45.25 0l103.1 103.1C414.6 241.3 416 251.1 416 256C416 260.9 414.6 270.7 406.6 278.6z\"><\/path><\/svg><\/span><span class=\"uagb-icon-list__label\">\ud83d\udccd Vignes et vilaine &#8211; Laill\u00e9<br>\ud83d\uddd3\ufe0f Mi-novembre<\/span><\/div>\n<\/div><\/div>\n<\/div>\n\n\n\n<div class=\"wp-block-uagb-container uagb-block-ff6cafee\">\n<div class=\"wp-block-uagb-icon-list uagb-block-046ed6e3\"><div class=\"uagb-icon-list__wrap\">\n<div class=\"wp-block-uagb-icon-list-child uagb-block-01c015ec\"><span class=\"uagb-icon-list__source-wrap\"><svg xmlns=\"https:\/\/www.w3.org\/2000\/svg\" viewBox=\"0 0 512 512\"><path d=\"M256 0C114.6 0 0 114.6 0 256c0 141.4 114.6 256 256 256s256-114.6 256-256C512 114.6 397.4 0 256 0zM406.6 278.6l-103.1 103.1c-12.5 12.5-32.75 12.5-45.25 0s-12.5-32.75 0-45.25L306.8 288H128C110.3 288 96 273.7 96 256s14.31-32 32-32h178.8l-49.38-49.38c-12.5-12.5-12.5-32.75 0-45.25s32.75-12.5 45.25 0l103.1 103.1C414.6 241.3 416 251.1 416 256C416 260.9 414.6 270.7 406.6 278.6z\"><\/path><\/svg><\/span><span class=\"uagb-icon-list__label\">\ud83d\udccd CSE de Clermont-Ferrand<br>\ud83d\uddd3\ufe0f Fin novembre<\/span><\/div>\n\n\n\n<div class=\"wp-block-uagb-icon-list-child uagb-block-ac6da716\"><span class=\"uagb-icon-list__source-wrap\"><svg xmlns=\"https:\/\/www.w3.org\/2000\/svg\" viewBox=\"0 0 512 512\"><path d=\"M256 0C114.6 0 0 114.6 0 256c0 141.4 114.6 256 256 256s256-114.6 256-256C512 114.6 397.4 0 256 0zM406.6 278.6l-103.1 103.1c-12.5 12.5-32.75 12.5-45.25 0s-12.5-32.75 0-45.25L306.8 288H128C110.3 288 96 273.7 96 256s14.31-32 32-32h178.8l-49.38-49.38c-12.5-12.5-12.5-32.75 0-45.25s32.75-12.5 45.25 0l103.1 103.1C414.6 241.3 416 251.1 416 256C416 260.9 414.6 270.7 406.6 278.6z\"><\/path><\/svg><\/span><span class=\"uagb-icon-list__label\">\ud83d\udccd Vinidames &#8211; Villebarou<br>\ud83d\uddd3\ufe0f Fin novembre<\/span><\/div>\n\n\n\n<div class=\"wp-block-uagb-icon-list-child uagb-block-fcb6798f\"><span class=\"uagb-icon-list__source-wrap\"><svg xmlns=\"https:\/\/www.w3.org\/2000\/svg\" viewBox=\"0 0 512 512\"><path d=\"M256 0C114.6 0 0 114.6 0 256c0 141.4 114.6 256 256 256s256-114.6 256-256C512 114.6 397.4 0 256 0zM406.6 278.6l-103.1 103.1c-12.5 12.5-32.75 12.5-45.25 0s-12.5-32.75 0-45.25L306.8 288H128C110.3 288 96 273.7 96 256s14.31-32 32-32h178.8l-49.38-49.38c-12.5-12.5-12.5-32.75 0-45.25s32.75-12.5 45.25 0l103.1 103.1C414.6 241.3 416 251.1 416 256C416 260.9 414.6 270.7 406.6 278.6z\"><\/path><\/svg><\/span><span class=\"uagb-icon-list__label\">\ud83d\udccd Salon de la Gastronomie &#8211; Orl\u00e9ans<br>\ud83d\uddd3\ufe0f Fin novembre<\/span><\/div>\n\n\n\n<div class=\"wp-block-uagb-icon-list-child uagb-block-e1ae2443\"><span class=\"uagb-icon-list__source-wrap\"><svg xmlns=\"https:\/\/www.w3.org\/2000\/svg\" viewBox=\"0 0 512 512\"><path d=\"M256 0C114.6 0 0 114.6 0 256c0 141.4 114.6 256 256 256s256-114.6 256-256C512 114.6 397.4 0 256 0zM406.6 278.6l-103.1 103.1c-12.5 12.5-32.75 12.5-45.25 0s-12.5-32.75 0-45.25L306.8 288H128C110.3 288 96 273.7 96 256s14.31-32 32-32h178.8l-49.38-49.38c-12.5-12.5-12.5-32.75 0-45.25s32.75-12.5 45.25 0l103.1 103.1C414.6 241.3 416 251.1 416 256C416 260.9 414.6 270.7 406.6 278.6z\"><\/path><\/svg><\/span><span class=\"uagb-icon-list__label\">\ud83d\udccd Foire aux escargots &#8211; Soulangis<br>\ud83d\uddd3\ufe0f D\u00e9but d\u00e9cembre<\/span><\/div>\n<\/div><\/div>\n<\/div>\n<\/div><\/div>\n\n\n\n<div style=\"height:100px\" aria-hidden=\"true\" class=\"wp-block-spacer\"><\/div>\n\n\n\n<h2 class=\"wp-block-heading has-text-align-center\" id=\"presse\" style=\"font-size:40px\">Les parutions presses<\/h2>\n\n\n\n<div class=\"wp-block-uagb-container uagb-block-a748d918 alignfull uagb-is-root-container\"><div class=\"uagb-container-inner-blocks-wrap\">\n<div class=\"wp-block-uagb-container uagb-block-d8810d5c\">\n<div class=\"wp-block-uagb-info-box uagb-block-202a1590 uagb-infobox__content-wrap  uagb-infobox_cta-type-all uagb-infobox-icon-above-title uagb-infobox-image-valign-top\"><a href=\"https:\/\/www.petitfute.com\/v9676-brinay-18120\/c650-produits-gourmands-vins\/c1256-producteur\/2138569-domaine-de-l-epine.html\" class=\"uagb-infobox-link-wrap uagb-infbox__link-to-all\" target=\"_blank\" aria-label=\"Infobox Link\" rel=\"noopener noreferrer\" onclick=\"return true;\"><\/a><div class=\"uagb-ifb-content\"><div class=\"uagb-ifb-image-content\"><img decoding=\"async\" src=\"http:\/\/www.domainedelepine.fr\/wp-content\/uploads\/2025\/05\/petitfutesite.png\" alt=\"\" width=\"\" height=\"0\" loading=\"lazy\"\/><\/div><div class=\"uagb-ifb-title-wrap\"><h3 class=\"uagb-ifb-title\">Recommandation<\/h3><\/div><p class=\"uagb-ifb-desc\">\u00c9dition Berry 2025 \u00e9crit par \u00c9milie Raffin<br><\/p><div class=\"uagb-ifb-button-wrapper wp-block-button\"><\/div><\/div><\/div>\n<\/div>\n\n\n\n<div class=\"wp-block-uagb-container uagb-block-83acecd4\">\n<div class=\"wp-block-uagb-info-box uagb-block-a78e2f66 uagb-infobox__content-wrap  uagb-infobox_cta-type-all uagb-infobox-icon-above-title uagb-infobox-image-valign-top\"><a href=\"https:\/\/drive.google.com\/file\/d\/1CzqyX-6ufW061OfZSNsN8_dLUtSbMtcV\/view?usp=sharing\" class=\"uagb-infobox-link-wrap uagb-infbox__link-to-all\" target=\"_blank\" aria-label=\"Infobox Link\" rel=\"noopener noreferrer\" onclick=\"return true;\"><\/a><div class=\"uagb-ifb-content\"><div class=\"uagb-ifb-image-content\"><img decoding=\"async\" src=\"http:\/\/www.domainedelepine.fr\/wp-content\/uploads\/2025\/06\/CUISINE-ET-VINS-DE-F-logo_400x400.jpg\" alt=\"\" width=\"\" height=\"0\" loading=\"lazy\"\/><\/div><div class=\"uagb-ifb-title-wrap\"><h3 class=\"uagb-ifb-title\">Le paradis du sauvignon<\/h3><\/div><p class=\"uagb-ifb-desc\">Article publi\u00e9 en juillet\/ao\u00fbt 2024 par B\u00e9atrice Delamotte<\/p><div class=\"uagb-ifb-button-wrapper wp-block-button\"><\/div><\/div><\/div>\n<\/div>\n\n\n\n<div class=\"wp-block-uagb-container uagb-block-4393e3af\">\n<div class=\"wp-block-uagb-info-box uagb-block-8db290f9 uagb-infobox__content-wrap  uagb-infobox_cta-type-all uagb-infobox-icon-above-title uagb-infobox-image-valign-top\"><a href=\"https:\/\/www.leberry.fr\/quincy-18120\/economie\/c-est-la-fin-de-la-taille-dans-les-vignes-du-cher_14097960\/\" class=\"uagb-infobox-link-wrap uagb-infbox__link-to-all\" target=\"_blank\" aria-label=\"Infobox Link\" rel=\"noopener noreferrer\" onclick=\"return true;\"><\/a><div class=\"uagb-ifb-content\"><div class=\"uagb-ifb-image-content\"><img decoding=\"async\" src=\"http:\/\/www.domainedelepine.fr\/wp-content\/uploads\/2025\/05\/Logo-Berry-Republicain-.png\" alt=\"\" width=\"\" height=\"0\" loading=\"lazy\"\/><\/div><div class=\"uagb-ifb-title-wrap\"><h3 class=\"uagb-ifb-title\">La taille des raisins<\/h3><\/div><p class=\"uagb-ifb-desc\">Article publi\u00e9 le 22 mars 2022 par C\u00e9line Chouard <\/p><div class=\"uagb-ifb-button-wrapper wp-block-button\"><\/div><\/div><\/div>\n<\/div>\n\n\n\n<div class=\"wp-block-uagb-container uagb-block-d65db621\">\n<div class=\"wp-block-uagb-info-box uagb-block-d3882743 uagb-infobox__content-wrap  uagb-infobox_cta-type-all uagb-infobox-icon-above-title uagb-infobox-image-valign-top\"><a href=\"https:\/\/www.lepoint.fr\/vin\/quincy-et-reuilly-de-l-ombre-a-la-lumiere-19-01-2021-2410300_581.php\" class=\"uagb-infobox-link-wrap uagb-infbox__link-to-all\" target=\"_blank\" aria-label=\"Infobox Link\" rel=\"noopener noreferrer\" onclick=\"return true;\"><\/a><div class=\"uagb-ifb-content\"><div class=\"uagb-ifb-image-content\"><img decoding=\"async\" src=\"http:\/\/www.domainedelepine.fr\/wp-content\/uploads\/2025\/05\/Lepointsite.png\" alt=\"\" width=\"\" height=\"0\" loading=\"lazy\"\/><\/div><div class=\"uagb-ifb-title-wrap\"><h3 class=\"uagb-ifb-title\">D\u00e9brouille et collectif<\/h3><\/div><p class=\"uagb-ifb-desc\">Article publi\u00e9 le 5 f\u00e9vrier 2021 par Jacques Dupont<\/p><div class=\"uagb-ifb-button-wrapper wp-block-button\"><\/div><\/div><\/div>\n<\/div>\n\n\n\n<div class=\"wp-block-uagb-container uagb-block-abb3563a\">\n<div class=\"wp-block-uagb-info-box uagb-block-3ca5deab uagb-infobox__content-wrap  uagb-infobox_cta-type-all uagb-infobox-icon-above-title uagb-infobox-image-valign-top\"><a href=\"https:\/\/www.lepoint.fr\/vin\/quincy-et-reuilly-les-aoc-fausses-jumelles-18-01-2021-2410098_581.php#11\" class=\"uagb-infobox-link-wrap uagb-infbox__link-to-all\" target=\"_blank\" aria-label=\"Infobox Link\" rel=\"noopener noreferrer\" onclick=\"return true;\"><\/a><div class=\"uagb-ifb-content\"><div class=\"uagb-ifb-image-content\"><img decoding=\"async\" src=\"http:\/\/www.domainedelepine.fr\/wp-content\/uploads\/2025\/05\/Lepointsite.png\" alt=\"\" width=\"\" height=\"0\" loading=\"lazy\"\/><\/div><div class=\"uagb-ifb-title-wrap\"><h3 class=\"uagb-ifb-title\">Quincy et Reuilly les fausses jumelles<\/h3><\/div><p class=\"uagb-ifb-desc\">Article publi\u00e9 le 18 janvier 2021 par Jacques Dupont<\/p><div class=\"uagb-ifb-button-wrapper wp-block-button\"><\/div><\/div><\/div>\n<\/div>\n<\/div><\/div>\n\n\n\n<div style=\"height:200px\" aria-hidden=\"true\" class=\"wp-block-spacer\"><\/div>\n","protected":false},"excerpt":{"rendered":"<p>#SaveTheDate En F\u00e9vrier D\u00e9gustation caviste : les vins du capitan\ud83d\udcc6 Le 20 janvier 2026\ud83d\udccdLes vins du capitan74600 Seynod En F\u00e9vrier [&hellip;]<\/p>\n","protected":false},"author":1,"featured_media":0,"parent":0,"menu_order":0,"comment_status":"closed","ping_status":"closed","template":"","meta":{"_uag_custom_page_level_css":"","site-sidebar-layout":"default","site-content-layout":"","ast-site-content-layout":"","site-content-style":"default","site-sidebar-style":"default","ast-global-header-display":"","ast-banner-title-visibility":"","ast-main-header-display":"","ast-hfb-above-header-display":"","ast-hfb-below-header-display":"","ast-hfb-mobile-header-display":"","site-post-title":"disabled","ast-breadcrumbs-content":"","ast-featured-img":"","footer-sml-layout":"","ast-disable-related-posts":"","theme-transparent-header-meta":"","adv-header-id-meta":"","stick-header-meta":"","header-above-stick-meta":"","header-main-stick-meta":"","header-below-stick-meta":"","astra-migrate-meta-layouts":"default","ast-page-background-enabled":"default","ast-page-background-meta":{"desktop":{"background-color":"var(--ast-global-color-5)","background-image":"","background-repeat":"repeat","background-position":"center center","background-size":"auto","background-attachment":"scroll","background-type":"","background-media":"","overlay-type":"","overlay-color":"","overlay-opacity":"","overlay-gradient":""},"tablet":{"background-color":"","background-image":"","background-repeat":"repeat","background-position":"center center","background-size":"auto","background-attachment":"scroll","background-type":"","background-media":"","overlay-type":"","overlay-color":"","overlay-opacity":"","overlay-gradient":""},"mobile":{"background-color":"","background-image":"","background-repeat":"repeat","background-position":"center center","background-size":"auto","background-attachment":"scroll","background-type":"","background-media":"","overlay-type":"","overlay-color":"","overlay-opacity":"","overlay-gradient":""}},"ast-content-background-meta":{"desktop":{"background-color":"var(--ast-global-color-4)","background-image":"","background-repeat":"repeat","background-position":"center center","background-size":"auto","background-attachment":"scroll","background-type":"","background-media":"","overlay-type":"","overlay-color":"","overlay-opacity":"","overlay-gradient":""},"tablet":{"background-color":"var(--ast-global-color-4)","background-image":"","background-repeat":"repeat","background-position":"center center","background-size":"auto","background-attachment":"scroll","background-type":"","background-media":"","overlay-type":"","overlay-color":"","overlay-opacity":"","overlay-gradient":""},"mobile":{"background-color":"var(--ast-global-color-4)","background-image":"","background-repeat":"repeat","background-position":"center center","background-size":"auto","background-attachment":"scroll","background-type":"","background-media":"","overlay-type":"","overlay-color":"","overlay-opacity":"","overlay-gradient":""}},"footnotes":""},"class_list":["post-152","page","type-page","status-publish","hentry"],"yoast_head":"<!-- This site is optimized with the Yoast SEO plugin v26.9 - https:\/\/yoast.com\/product\/yoast-seo-wordpress\/ -->\n<title>Actualit\u00e9s -<\/title>\n<meta name=\"description\" content=\"D\u00e9couvrez les \u00e9v\u00e9nements auquel nous participons et explorez nos parutions presse pour en savoir plus sur nous !\" \/>\n<meta name=\"robots\" content=\"index, follow, max-snippet:-1, max-image-preview:large, max-video-preview:-1\" \/>\n<link rel=\"canonical\" href=\"https:\/\/www.domainedelepine.fr\/index.php\/actualites\/\" \/>\n<meta property=\"og:locale\" content=\"fr_FR\" \/>\n<meta property=\"og:type\" content=\"article\" \/>\n<meta property=\"og:title\" content=\"Actualit\u00e9s -\" \/>\n<meta property=\"og:description\" content=\"D\u00e9couvrez les \u00e9v\u00e9nements auquel nous participons et explorez nos parutions presse pour en savoir plus sur nous !\" \/>\n<meta property=\"og:url\" content=\"https:\/\/www.domainedelepine.fr\/index.php\/actualites\/\" \/>\n<meta property=\"article:modified_time\" content=\"2026-02-12T16:58:04+00:00\" \/>\n<meta property=\"og:image\" content=\"http:\/\/www.domainedelepine.fr\/wp-content\/uploads\/2025\/05\/petitfutesite.png\" \/>\n<meta name=\"twitter:card\" content=\"summary_large_image\" \/>\n<meta name=\"twitter:label1\" content=\"Dur\u00e9e de lecture estim\u00e9e\" \/>\n\t<meta name=\"twitter:data1\" content=\"3 minutes\" \/>\n<script type=\"application\/ld+json\" class=\"yoast-schema-graph\">{\"@context\":\"https:\/\/schema.org\",\"@graph\":[{\"@type\":\"WebPage\",\"@id\":\"https:\/\/www.domainedelepine.fr\/index.php\/actualites\/\",\"url\":\"https:\/\/www.domainedelepine.fr\/index.php\/actualites\/\",\"name\":\"Actualit\u00e9s -\",\"isPartOf\":{\"@id\":\"https:\/\/www.domainedelepine.fr\/#website\"},\"primaryImageOfPage\":{\"@id\":\"https:\/\/www.domainedelepine.fr\/index.php\/actualites\/#primaryimage\"},\"image\":{\"@id\":\"https:\/\/www.domainedelepine.fr\/index.php\/actualites\/#primaryimage\"},\"thumbnailUrl\":\"http:\/\/www.domainedelepine.fr\/wp-content\/uploads\/2025\/05\/petitfutesite.png\",\"datePublished\":\"2025-05-13T12:15:25+00:00\",\"dateModified\":\"2026-02-12T16:58:04+00:00\",\"description\":\"D\u00e9couvrez les \u00e9v\u00e9nements auquel nous participons et explorez nos parutions presse pour en savoir plus sur nous !\",\"breadcrumb\":{\"@id\":\"https:\/\/www.domainedelepine.fr\/index.php\/actualites\/#breadcrumb\"},\"inLanguage\":\"fr-FR\",\"potentialAction\":[{\"@type\":\"ReadAction\",\"target\":[\"https:\/\/www.domainedelepine.fr\/index.php\/actualites\/\"]}]},{\"@type\":\"ImageObject\",\"inLanguage\":\"fr-FR\",\"@id\":\"https:\/\/www.domainedelepine.fr\/index.php\/actualites\/#primaryimage\",\"url\":\"http:\/\/www.domainedelepine.fr\/wp-content\/uploads\/2025\/05\/petitfutesite.png\",\"contentUrl\":\"http:\/\/www.domainedelepine.fr\/wp-content\/uploads\/2025\/05\/petitfutesite.png\"},{\"@type\":\"BreadcrumbList\",\"@id\":\"https:\/\/www.domainedelepine.fr\/index.php\/actualites\/#breadcrumb\",\"itemListElement\":[{\"@type\":\"ListItem\",\"position\":1,\"name\":\"Accueil\",\"item\":\"https:\/\/www.domainedelepine.fr\/\"},{\"@type\":\"ListItem\",\"position\":2,\"name\":\"Actualit\u00e9s\"}]},{\"@type\":\"WebSite\",\"@id\":\"https:\/\/www.domainedelepine.fr\/#website\",\"url\":\"https:\/\/www.domainedelepine.fr\/\",\"name\":\"\",\"description\":\"Domaine de l&#039;\u00c9pine\",\"potentialAction\":[{\"@type\":\"SearchAction\",\"target\":{\"@type\":\"EntryPoint\",\"urlTemplate\":\"https:\/\/www.domainedelepine.fr\/?s={search_term_string}\"},\"query-input\":{\"@type\":\"PropertyValueSpecification\",\"valueRequired\":true,\"valueName\":\"search_term_string\"}}],\"inLanguage\":\"fr-FR\"}]}<\/script>\n<!-- \/ Yoast SEO plugin. -->","yoast_head_json":{"title":"Actualit\u00e9s -","description":"D\u00e9couvrez les \u00e9v\u00e9nements auquel nous participons et explorez nos parutions presse pour en savoir plus sur nous !","robots":{"index":"index","follow":"follow","max-snippet":"max-snippet:-1","max-image-preview":"max-image-preview:large","max-video-preview":"max-video-preview:-1"},"canonical":"https:\/\/www.domainedelepine.fr\/index.php\/actualites\/","og_locale":"fr_FR","og_type":"article","og_title":"Actualit\u00e9s -","og_description":"D\u00e9couvrez les \u00e9v\u00e9nements auquel nous participons et explorez nos parutions presse pour en savoir plus sur nous !","og_url":"https:\/\/www.domainedelepine.fr\/index.php\/actualites\/","article_modified_time":"2026-02-12T16:58:04+00:00","og_image":[{"url":"http:\/\/www.domainedelepine.fr\/wp-content\/uploads\/2025\/05\/petitfutesite.png","type":"","width":"","height":""}],"twitter_card":"summary_large_image","twitter_misc":{"Dur\u00e9e de lecture estim\u00e9e":"3 minutes"},"schema":{"@context":"https:\/\/schema.org","@graph":[{"@type":"WebPage","@id":"https:\/\/www.domainedelepine.fr\/index.php\/actualites\/","url":"https:\/\/www.domainedelepine.fr\/index.php\/actualites\/","name":"Actualit\u00e9s -","isPartOf":{"@id":"https:\/\/www.domainedelepine.fr\/#website"},"primaryImageOfPage":{"@id":"https:\/\/www.domainedelepine.fr\/index.php\/actualites\/#primaryimage"},"image":{"@id":"https:\/\/www.domainedelepine.fr\/index.php\/actualites\/#primaryimage"},"thumbnailUrl":"http:\/\/www.domainedelepine.fr\/wp-content\/uploads\/2025\/05\/petitfutesite.png","datePublished":"2025-05-13T12:15:25+00:00","dateModified":"2026-02-12T16:58:04+00:00","description":"D\u00e9couvrez les \u00e9v\u00e9nements auquel nous participons et explorez nos parutions presse pour en savoir plus sur nous !","breadcrumb":{"@id":"https:\/\/www.domainedelepine.fr\/index.php\/actualites\/#breadcrumb"},"inLanguage":"fr-FR","potentialAction":[{"@type":"ReadAction","target":["https:\/\/www.domainedelepine.fr\/index.php\/actualites\/"]}]},{"@type":"ImageObject","inLanguage":"fr-FR","@id":"https:\/\/www.domainedelepine.fr\/index.php\/actualites\/#primaryimage","url":"http:\/\/www.domainedelepine.fr\/wp-content\/uploads\/2025\/05\/petitfutesite.png","contentUrl":"http:\/\/www.domainedelepine.fr\/wp-content\/uploads\/2025\/05\/petitfutesite.png"},{"@type":"BreadcrumbList","@id":"https:\/\/www.domainedelepine.fr\/index.php\/actualites\/#breadcrumb","itemListElement":[{"@type":"ListItem","position":1,"name":"Accueil","item":"https:\/\/www.domainedelepine.fr\/"},{"@type":"ListItem","position":2,"name":"Actualit\u00e9s"}]},{"@type":"WebSite","@id":"https:\/\/www.domainedelepine.fr\/#website","url":"https:\/\/www.domainedelepine.fr\/","name":"","description":"Domaine de l&#039;\u00c9pine","potentialAction":[{"@type":"SearchAction","target":{"@type":"EntryPoint","urlTemplate":"https:\/\/www.domainedelepine.fr\/?s={search_term_string}"},"query-input":{"@type":"PropertyValueSpecification","valueRequired":true,"valueName":"search_term_string"}}],"inLanguage":"fr-FR"}]}},"uagb_featured_image_src":{"full":false,"thumbnail":false,"medium":false,"medium_large":false,"large":false,"1536x1536":false,"2048x2048":false},"uagb_author_info":{"display_name":"domaief","author_link":"https:\/\/www.domainedelepine.fr\/index.php\/author\/domaief\/"},"uagb_comment_info":0,"uagb_excerpt":"#SaveTheDate En F\u00e9vrier D\u00e9gustation caviste : les vins du capitan\ud83d\udcc6 Le 20 janvier 2026\ud83d\udccdLes vins du capitan74600 Seynod En F\u00e9vrier [&hellip;]","_links":{"self":[{"href":"https:\/\/www.domainedelepine.fr\/index.php\/wp-json\/wp\/v2\/pages\/152","targetHints":{"allow":["GET"]}}],"collection":[{"href":"https:\/\/www.domainedelepine.fr\/index.php\/wp-json\/wp\/v2\/pages"}],"about":[{"href":"https:\/\/www.domainedelepine.fr\/index.php\/wp-json\/wp\/v2\/types\/page"}],"author":[{"embeddable":true,"href":"https:\/\/www.domainedelepine.fr\/index.php\/wp-json\/wp\/v2\/users\/1"}],"replies":[{"embeddable":true,"href":"https:\/\/www.domainedelepine.fr\/index.php\/wp-json\/wp\/v2\/comments?post=152"}],"version-history":[{"count":95,"href":"https:\/\/www.domainedelepine.fr\/index.php\/wp-json\/wp\/v2\/pages\/152\/revisions"}],"predecessor-version":[{"id":1344,"href":"https:\/\/www.domainedelepine.fr\/index.php\/wp-json\/wp\/v2\/pages\/152\/revisions\/1344"}],"wp:attachment":[{"href":"https:\/\/www.domainedelepine.fr\/index.php\/wp-json\/wp\/v2\/media?parent=152"}],"curies":[{"name":"wp","href":"https:\/\/api.w.org\/{rel}","templated":true}]}}